{"id":5183,"date":"2019-05-28T16:21:06","date_gmt":"2019-05-28T16:21:06","guid":{"rendered":"https:\/\/sites.bc.edu\/jesuitportal-recovery\/?page_id=5183"},"modified":"2021-03-22T22:51:09","modified_gmt":"2021-03-22T22:51:09","slug":"june-2019-program-for-2019-international-symposium-on-jesuit-studies-engaging-sources-the-tradition-and-future-of-collecting-history-in-the-society-of-jesus","status":"publish","type":"page","link":"https:\/\/sites.bc.edu\/jesuitportal-recovery\/?page_id=5183","title":{"rendered":"June 2019: Program for 2019 International Symposium on Jesuit Studies, &#8220;Engaging Sources: The Tradition and Future of Collecting History in the Society of Jesus&#8221;"},"content":{"rendered":"<p>The Institute for Advanced Jesuit Studies is pleased to announce <a href=\"https:\/\/sites.bc.edu\/jesuitportal-recovery\/wp-content\/uploads\/sites\/124\/2019\/06\/Symposium-Program-2019.pdf\" target=\"_blank\" rel=\"noopener\"><strong>the program for its 2019 International Symposium on Jesuit Studies<\/strong><\/a>. This event will be the institute&#8217;s fifth annual gathering of scholars from around the globe. It will be hosted at Boston College. The event has previously taken place in Boston, Nairobi, and Seville.<\/p>\n<p>&nbsp;<\/p>\n<p>This year&#8217;s theme is &#8220;<strong>Engaging Sources: The Tradition and Future of Collecting History in the Society of Jesus<\/strong>.&#8221; The <a href=\"https:\/\/sites.bc.edu\/jesuitportal-recovery\/news\/june-2018-call-for-papers-for-the-2019-international-symposium-on-jesuit-studies-engaging-sources\/\">call for papers can be found online<\/a>.<\/p>\n<p>&nbsp;<\/p>\n<p>The event features 14 individual panels and 5 plenary sessions. Simon Ditchfield of York University will provide the keynote address. In all, nearly 70 scholars will participate, representing institutions across five continents. A full program appears below.<\/p>\n<p>&nbsp;<\/p>\n<p>To learn more, please contact the Institute (<a href=\"mailto:iajs@bc.edu\" target=\"_blank\" rel=\"noopener\">iajs@bc.edu<\/a>).<\/p>\n<p>&nbsp;<\/p>\n<p>&nbsp;<\/p>\n<p>(<a href=\"https:\/\/sites.bc.edu\/jesuitportal-recovery\/wp-content\/uploads\/sites\/124\/2019\/06\/Symposium-Program-2019.pdf\">program as a pdf document<\/a>)<\/p>\n<p><b>International Symposium on Jesuit Studies<\/b><\/p>\n<p><b>\u201cEngaging Sources: The Tradition and Future of Collecting History in the Society of Jesus\u201d<\/b><\/p>\n<p><b>Institute for Advanced Jesuit Studies \u00a0\u00a0| Boston College | June 11\u201313, 2019<\/b><\/p>\n<p>&nbsp;<\/p>\n<p><b>Tuesday, June 11<\/b><\/p>\n<p><em><span style=\"font-weight: 400;\">8:00am \u2013 8:45am<\/span> <span style=\"font-weight: 400;\">Breakfast<\/span><\/em><\/p>\n<p><span style=\"font-weight: 400;\">Gasson Hall, 100<\/span><\/p>\n<p>&nbsp;<\/p>\n<p><em><span style=\"font-weight: 400;\">9:00am \u2013 10:45am<\/span> <span style=\"font-weight: 400;\">Welcome and Keynote<\/span><\/em><\/p>\n<p><span style=\"font-weight: 400;\">Gasson Hall<\/span><span style=\"font-weight: 400;\">, Room<\/span><span style=\"font-weight: 400;\"> 100<\/span><\/p>\n<p><span style=\"font-weight: 400;\">Chair: Casey C. Beaumier, S.J., Institute for Advanced Jesuit Studies<\/span><\/p>\n<p><span style=\"font-weight: 400;\">Welcoming remarks<\/span><\/p>\n<ul>\n<li style=\"font-weight: 400;\"><span style=\"font-weight: 400;\">William P. Leahy, S.J., Boston College<\/span><\/li>\n<\/ul>\n<p><span style=\"font-weight: 400;\">Keynote address<\/span><\/p>\n<p><span style=\"font-weight: 400;\">\u201cDaniello Bartoli, S.J. (1608\u20131685), His Sources and the Writing of the First \u2018Global\u2019 History of the Jesuits\u201d<\/span><\/p>\n<ul>\n<li style=\"font-weight: 400;\"><span style=\"font-weight: 400;\">Simon Ditchfield, University of York<\/span><\/li>\n<\/ul>\n<p>&nbsp;<\/p>\n<p><em><span style=\"font-weight: 400;\">11:00am \u2013 12:30pm<\/span> <span style=\"font-weight: 400;\">Paper Session A<\/span><\/em><\/p>\n<p><span style=\"font-weight: 400;\">Gasson Hall, Room 205<\/span><\/p>\n<p><b>Rediscovering History in \u201cNew\u201d Jesuit Sources<\/b><\/p>\n<p><span style=\"font-weight: 400;\">Chair: Aislinn Muller, Institute for Advanced Jesuit Studies<\/span><\/p>\n<p><span style=\"font-weight: 400;\">\u201cInvisible Histories, Silenced Histories of the Philippines: The <\/span><i><span style=\"font-weight: 400;\">Labor Evang\u00e9lica: Ministerios Apost\u00f3licos de los Obreros de la Compa\u00f1\u00eda de Jes\u00fas<\/span><\/i><span style=\"font-weight: 400;\"> (ca. 1701), by Father Diego de O\u00f1a, S.J. (1655\u20131721)\u201d<\/span><\/p>\n<ul>\n<li style=\"font-weight: 400;\"><span style=\"font-weight: 400;\">Alexandre Coello de la Rosa, Universitat Pompeu Fabra<\/span><\/li>\n<\/ul>\n<p><span style=\"font-weight: 400;\">\u201cWhen There is No Written Record: The Use of Archaeology to Recover the Jesuit Past\u201d<\/span><\/p>\n<ul>\n<li style=\"font-weight: 400;\"><span style=\"font-weight: 400;\">Brendan Weaver, Stanford University<\/span><\/li>\n<\/ul>\n<p><span style=\"font-weight: 400;\">\u201cHistory-keeping under Persecution: Sources from the College of Jesus of Coimbra, Discovered in 2016\u201d<\/span><\/p>\n<ul>\n<li style=\"font-weight: 400;\"><span style=\"font-weight: 400;\">Margarida Miranda, Universidade de Coimbra; and Ant\u00f3nio Trigueiros, S.J. <\/span><i><span style=\"font-weight: 400;\">Brot\u00e9ria<\/span><\/i><\/li>\n<\/ul>\n<p>&nbsp;<\/p>\n<p><span style=\"font-weight: 400;\">Gasson Hall, Room 210<\/span><\/p>\n<p><b>Real and Imagined Missions: Italian <\/b><b><i>Litterae Indipetae<\/i><\/b><b> of Old and New Society of Jesus<\/b><\/p>\n<p><span style=\"font-weight: 400;\">Chair: Emanuele Colombo, DePaul University<\/span><\/p>\n<p><span style=\"font-weight: 400;\">\u201c\u2018You only torment and upset yourself\u2019: Jesuits between Indifference and Restlessness (Sicily, 17th\u201318th centuries)\u201d<\/span><\/p>\n<ul>\n<li style=\"font-weight: 400;\"><span style=\"font-weight: 400;\">Elisa Frei, Institute for Advanced Jesuit Studies<\/span><\/li>\n<\/ul>\n<p><span style=\"font-weight: 400;\">\u201cThe <\/span><i><span style=\"font-weight: 400;\">litterae indipetae<\/span><\/i><span style=\"font-weight: 400;\"> (1814\u20131853): A Source for the History of the \u2018New\u2019 Society of Jesus\u201d<\/span><\/p>\n<ul>\n<li style=\"font-weight: 400;\"><span style=\"font-weight: 400;\">Marco Rochini, <\/span><span style=\"font-weight: 400;\">Universit\u00e0 Cattolica del Sacro Cuore, Milan<\/span><\/li>\n<\/ul>\n<p><span style=\"font-weight: 400;\">\u201c\u2018For the salvation of Russia\u2019: Some Brief Remarks on Russipetae in the 20th Century\u201d<\/span><\/p>\n<ul>\n<li style=\"font-weight: 400;\"><span style=\"font-weight: 400;\">Sabina Pavone, Universit\u00e0 degli studi di Macerata<\/span><\/li>\n<\/ul>\n<p>&nbsp;<\/p>\n<p><em><span style=\"font-weight: 400;\">12:45pm <\/span><span style=\"font-weight: 400;\">Lunch<\/span><\/em><\/p>\n<p><span style=\"font-weight: 400;\">Gasson Hall, Room 100<\/span><\/p>\n<p>&nbsp;<\/p>\n<p><em><span style=\"font-weight: 400;\">2:45pm \u2013 4:15pm<\/span> <span style=\"font-weight: 400;\">Paper Session B<\/span><\/em><\/p>\n<p><span style=\"font-weight: 400;\">Gasson Hall, Room 306<\/span><\/p>\n<p><b>Constructing Identity through Jesuit Sources<\/b><\/p>\n<p><span style=\"font-weight: 400;\">Chair: Andr\u00e9 Brouillette, S.J., Boston College<\/span><\/p>\n<p><span style=\"font-weight: 400;\">\u201cBetween Identity and History: The <em>Vocazioni illustri della Compagnia di Ges\u00f9<\/em> of Giovanni Antonio Valtrino\u201d<\/span><\/p>\n<ul>\n<li style=\"font-weight: 400;\"><span style=\"font-weight: 400;\">Irene Gaddo, Universit\u00e0 del Piemonte Orientale, Vercelli<\/span><\/li>\n<\/ul>\n<p><span style=\"font-weight: 400;\">\u201cLessons from Japan: Nicolas Trigault Writes to a Global Audience\u201d<\/span><\/p>\n<ul>\n<li style=\"font-weight: 400;\"><span style=\"font-weight: 400;\">Nicholas Lewis, St. Louis University<\/span><\/li>\n<\/ul>\n<p><span style=\"font-weight: 400;\">\u201cAlessandro Valignano and the Construction of Europe\u2019s First Image of Japan\u201d<\/span><\/p>\n<ul>\n<li style=\"font-weight: 400;\"><span style=\"font-weight: 400;\">Jan Leuchtenberger, University of Puget Sound<\/span><\/li>\n<\/ul>\n<p>&nbsp;<\/p>\n<p><em><span style=\"font-weight: 400;\">Gasson Hall, Room 205<\/span><\/em><\/p>\n<p><b>Contextualizing Private Correspondence and Public Conferences<\/b><\/p>\n<p><span style=\"font-weight: 400;\">Chair: Markus Friedrich, Universit\u00e4t Hamburg<\/span><\/p>\n<p><span style=\"font-weight: 400;\">\u201cArchived Jesuit Thinking: Correspondences in Gaston Fessard and Kenneth Burke\u201d<\/span><\/p>\n<ul>\n<li style=\"font-weight: 400;\"><span style=\"font-weight: 400;\">Steven Mailloux, Loyola Marymount University<\/span><\/li>\n<\/ul>\n<p><span style=\"font-weight: 400;\">\u201cBernard Lonergan\u2019s Early Correspondences: His Motivations and Early Plans to Update Catholic Education\u201d<\/span><\/p>\n<ul>\n<li style=\"font-weight: 400;\"><span style=\"font-weight: 400;\">Cyril Orji, University of Dayton<\/span><\/li>\n<\/ul>\n<p><span style=\"font-weight: 400;\">\u201cJesuit Identity in the Journals and Correspondence of Patrick F. Healy, S.J.\u201d<\/span><\/p>\n<ul>\n<li style=\"font-weight: 400;\"><span style=\"font-weight: 400;\">Alexandria Griffin, Arizona State University<\/span><\/li>\n<\/ul>\n<p>&nbsp;<\/p>\n<p><b>Sources of Jesuits\u2019 Pedagogical Influence<\/b><\/p>\n<p><span style=\"font-weight: 400;\">Gasson Hall, Room 210<\/span><\/p>\n<p><span style=\"font-weight: 400;\">Chair: Claude Pavur, S.J.<\/span><span style=\"font-weight: 400;\">, Institute for Advanced Jesuit Studies<\/span><\/p>\n<p><span style=\"font-weight: 400;\">\u201cKnowledge Transmission and Personal Expectancies through Pedro de Hortigosa\u2019s Correspondence: Pedagogy and Missionary Experience in the Jesuit Province of New Spain\u201d<\/span><\/p>\n<ul>\n<li style=\"font-weight: 400;\"><span style=\"font-weight: 400;\">Hugo Zayas-Gonzalez, Central Michigan University<\/span><\/li>\n<\/ul>\n<p><span style=\"font-weight: 400;\">\u201cThe Philosophy Textbooks of Portuguese Jesuits\u2019 Courses in 16th-Century\u201d<\/span><\/p>\n<ul>\n<li style=\"font-weight: 400;\"><span style=\"font-weight: 400;\">Paula Oliveira e Silva and Jo\u00e3o Rebalde, Instituto de Filosofia da Universidade do Porto<\/span><\/li>\n<\/ul>\n<p><span style=\"font-weight: 400;\">\u201cThe Philosophical Heritage of the Jesuits in Brazil\u201d<\/span><\/p>\n<ul>\n<li style=\"font-weight: 400;\"><span style=\"font-weight: 400;\">L\u00facio \u00c1lvaro Marques, Universidade Federal do Tri\u00e2ngulo Mineiro<\/span><\/li>\n<\/ul>\n<p><span style=\"font-weight: 400;\">\u201cPhilosophy at the Geopolitical Service of Mission: Coimbra Jesuits\u2019 \u2018Wirkungsgeographie\u2019 (1560<\/span><span style=\"font-weight: 400;\">\u2013<\/span><span style=\"font-weight: 400;\">1730)\u201d<\/span><\/p>\n<ul>\n<li style=\"font-weight: 400;\"><span style=\"font-weight: 400;\">M\u00e1rio Santiago de Carvalho, Universidade de Coimbra<\/span><\/li>\n<\/ul>\n<p>&nbsp;<\/p>\n<p><em><span style=\"font-weight: 400;\">4:30pm <\/span><span style=\"font-weight: 400;\">Reception<\/span><\/em><\/p>\n<p><span style=\"font-weight: 400;\">Gasson Hall, Room 100<\/span><\/p>\n<p><b>JesuitOnlineBibliography.com<\/b><\/p>\n<p><span style=\"font-weight: 400;\">Chair: Seth Meehan, Institute for Advanced Jesuit Studies<\/span><\/p>\n<ul>\n<li style=\"font-weight: 400;\"><span style=\"font-weight: 400;\">Paul Begheyn, S.J., Netherlands Institute of Jesuit Studies<\/span><\/li>\n<li style=\"font-weight: 400;\"><span style=\"font-weight: 400;\">Anna Kijas, Boston College Libraries<\/span><\/li>\n<li style=\"font-weight: 400;\"><span style=\"font-weight: 400;\">Yannick Van Loon, Jesuitica project, KU Leuven<\/span><\/li>\n<\/ul>\n<p>&nbsp;<\/p>\n<p><em><span style=\"font-weight: 400;\">6:00pm <\/span><span style=\"font-weight: 400;\">Dinner<\/span><\/em><\/p>\n<p><span style=\"font-weight: 400;\">Gasson Hall, Room 100<\/span><\/p>\n<p>&nbsp;<\/p>\n<p>&nbsp;<\/p>\n<p><b>Wednesday, June 12<\/b><\/p>\n<p><em><span style=\"font-weight: 400;\">8:00am \u2013 8:45am<\/span> <span style=\"font-weight: 400;\">Breakfast<\/span><\/em><\/p>\n<p><span style=\"font-weight: 400;\">Gasson Hall<\/span><span style=\"font-weight: 400;\">, Room<\/span><span style=\"font-weight: 400;\"> 100<\/span><\/p>\n<p>&nbsp;<\/p>\n<p><em><span style=\"font-weight: 400;\">9:00am \u2013 10:30am<\/span> <span style=\"font-weight: 400;\">Paper Session C<\/span><\/em><\/p>\n<p><b>Constructing History through Jesuit Sources<\/b><\/p>\n<p><span style=\"font-weight: 400;\">Gasson Hall, Room 203<\/span><\/p>\n<p><span style=\"font-weight: 400;\">Chair: Claude Pavur, S.J.<\/span><span style=\"font-weight: 400;\">, Institute for Advanced Jesuit Studies<\/span><\/p>\n<p><span style=\"font-weight: 400;\">\u201cPedro de Ribadeneira and the Use of Sources: Critical History and Hagiography in the Early Society\u201d<\/span><\/p>\n<ul>\n<li style=\"font-weight: 400;\"><span style=\"font-weight: 400;\">Robert Scully, S.J., Le Moyne College<\/span><\/li>\n<\/ul>\n<p><span style=\"font-weight: 400;\">\u201cEarly Modern Jesuit Historiography as a Great Inspiration for Central European Historians before 1773\u201d<\/span><\/p>\n<ul>\n<li style=\"font-weight: 400;\"><span style=\"font-weight: 400;\">Jakub Zouhar, Univerzita Hradec Kr\u00e1lov\u00e9<\/span><\/li>\n<\/ul>\n<p><span style=\"font-weight: 400;\">\u201cSacred Objects in Narratives of the English Mission, ca. 1580<\/span><span style=\"font-weight: 400;\">\u2013<\/span><span style=\"font-weight: 400;\">1688\u201d<\/span><\/p>\n<ul>\n<li style=\"font-weight: 400;\"><span style=\"font-weight: 400;\">Aislinn Muller, Institute for Advanced Jesuit Studies<\/span><\/li>\n<\/ul>\n<p><span style=\"font-weight: 400;\">\u201cThe Forgotten Jesuits: The Historical Memory of the Society Between Minor Archives and New Research Trends\u201d<\/span><\/p>\n<ul>\n<li style=\"font-weight: 400;\"><span style=\"font-weight: 400;\">David Salomoni, Universit\u00e0 Roma Tre<\/span><\/li>\n<\/ul>\n<p>&nbsp;<\/p>\n<p><b>Race and Memory: Religion, Recordkeeping, and Murder<\/b><\/p>\n<p><span style=\"font-weight: 400;\">Gasson Hall, Room 205<\/span><\/p>\n<p><span style=\"font-weight: 400;\">Chair: Amy Phillips, Woodstock Theological Library <\/span><\/p>\n<p><span style=\"font-weight: 400;\">\u201cA Spiritual Inheritance: African American Catholicism in Southern Maryland\u201d<\/span><\/p>\n<ul>\n<li style=\"font-weight: 400;\"><span style=\"font-weight: 400;\">Laura Masur, The Catholic University of America<\/span><\/li>\n<\/ul>\n<p><span style=\"font-weight: 400;\">\u201cSlaves, Slaveholding, and Jesuit Recordkeeping in the Maryland Province Archives\u201d<\/span><\/p>\n<ul>\n<li style=\"font-weight: 400;\"><span style=\"font-weight: 400;\">Elsa Mendoza, Georgetown University <\/span><\/li>\n<\/ul>\n<p><span style=\"font-weight: 400;\">\u201c\u2018Regulations for Our Black People\u2019: Jesuit Recordkeeping on Slavery in Antebellum Missouri\u201d<\/span><\/p>\n<ul>\n<li style=\"font-weight: 400;\"><span style=\"font-weight: 400;\">Kelly Schmidt, Loyola University Chicago<\/span><\/li>\n<\/ul>\n<p><span style=\"font-weight: 400;\">\u201cA Jesuit Murder in the French Caribbean\u201d<\/span><\/p>\n<ul>\n<li style=\"font-weight: 400;\"><span style=\"font-weight: 400;\">Andrew Dial, Louisiana State University<\/span><\/li>\n<\/ul>\n<p>&nbsp;<\/p>\n<p><b>Constructing, Revising, and Archiving Jesuit Rhetoric<\/b><\/p>\n<p><span style=\"font-weight: 400;\">Gasson Hall, Room 210<\/span><\/p>\n<p><span style=\"font-weight: 400;\">Chair: Cinthia Gannett, Fairfield University<\/span><\/p>\n<p><span style=\"font-weight: 400;\">\u201cAssembling a Usable Archive of 19th- and 20th-Century American Jesuit Rhetoric\u201d<\/span><\/p>\n<ul>\n<li style=\"font-weight: 400;\"><span style=\"font-weight: 400;\">John Brereton, University of Massachusetts Boston<\/span><\/li>\n<\/ul>\n<p><span style=\"font-weight: 400;\">\u201cA Jesuit Looking Back at a Great Tradition: Giovambattista Noghera (1719<\/span><span style=\"font-weight: 400;\">\u2013<\/span><span style=\"font-weight: 400;\">1784) and the Construction of a Story of Jesuit Sacred Rhetoric\u201d<\/span><\/p>\n<ul>\n<li style=\"font-weight: 400;\"><span style=\"font-weight: 400;\">Hanne Roer, K\u00f8benhavns Universitet <\/span><\/li>\n<\/ul>\n<p><span style=\"font-weight: 400;\">\u201cFran\u00e7ois Pomey\u2019s <em>Candidatus Rhetoricae<\/em> and its Revisions as Documents of the History of Jesuit Rhetorical Education\u201d<\/span><\/p>\n<ul>\n<li style=\"font-weight: 400;\"><span style=\"font-weight: 400;\">Manfred Kraus, Universit\u00e4t T\u00fcbingen<\/span><\/li>\n<\/ul>\n<p>&nbsp;<\/p>\n<p><em><span style=\"font-weight: 400;\">10:45am \u2013 12:15pm<\/span> <span style=\"font-weight: 400;\">Paper Session D<\/span><\/em><\/p>\n<p><span style=\"font-weight: 400;\">Gasson Hall, Room 205<\/span><\/p>\n<p><b>Analyzing Diverse Sources of the Asian Missions<\/b><\/p>\n<p><span style=\"font-weight: 400;\">Chair: Elisa Frei, Institute for Advanced Jesuit Studies<\/span><\/p>\n<p><span style=\"font-weight: 400;\">\u201cSketching the Historical Soundscape of Sacred Music in China through Jesuit Sources\u201d<\/span><\/p>\n<ul>\n<li style=\"font-weight: 400;\"><span style=\"font-weight: 400;\">Lionel Li-Xing Hong, Fu Jen Catholic University<\/span><\/li>\n<\/ul>\n<p><span style=\"font-weight: 400;\">\u201cVisions of Contemplation: Jesuit Arts in Japan\u201d<\/span><\/p>\n<ul>\n<li style=\"font-weight: 400;\"><span style=\"font-weight: 400;\">Aiko Okamoto-MacPhail, Indiana University<\/span><\/li>\n<\/ul>\n<p><span style=\"font-weight: 400;\">\u201cConimbricenses.org: Tracking the Impact of Jesuit History and Theology Instruction through Asia and Beyond\u201d<\/span><\/p>\n<ul>\n<li style=\"font-weight: 400;\"><span style=\"font-weight: 400;\">M\u00e1rio Santiago de Carvalho, Universidade de Coimbra<\/span><\/li>\n<\/ul>\n<p>&nbsp;<\/p>\n<p><span style=\"font-weight: 400;\">Gasson Hall, Room 210<\/span><\/p>\n<p><b>Transforming Everyday Jesuit Sources<\/b><\/p>\n<p><span style=\"font-weight: 400;\">Chair: Adrian Vaagenes, Woodstock Theological Library<\/span><\/p>\n<p><span style=\"font-weight: 400;\">\u201cThe Windows on Early Jesuit Ireland: Recent Editions of Sources for the Irish Mission\u201d \u00a0<\/span><\/p>\n<ul>\n<li style=\"font-weight: 400;\"><span style=\"font-weight: 400;\">Vera Moynes, National Archives of Ireland<\/span><\/li>\n<\/ul>\n<p><span style=\"font-weight: 400;\">\u201cJesuits Leaving the Classroom: Where and When. The Relevance of Using the Jesuit Catalogues in Understanding Change in the Jesuit Order\u201d<\/span><\/p>\n<ul>\n<li style=\"font-weight: 400;\"><span style=\"font-weight: 400;\">Crist\u00f3bal Madero, S.J., \u00a0Universidad Alberto Hurtado<\/span><\/li>\n<\/ul>\n<p><span style=\"font-weight: 400;\">\u201c1826: One Year of Jesuit Catalogues\u201d<\/span><\/p>\n<ul>\n<li style=\"font-weight: 400;\"><span style=\"font-weight: 400;\">Laura Madella, <\/span> <span style=\"font-weight: 400;\">Universit\u00e0 degli Studi di Parma<\/span><\/li>\n<\/ul>\n<p>&nbsp;<\/p>\n<p><em><span style=\"font-weight: 400;\">12:30pm <\/span><span style=\"font-weight: 400;\">Lunch<\/span><\/em><\/p>\n<p><span style=\"font-weight: 400;\">Gasson Hall, Room 100<\/span><\/p>\n<p>&nbsp;<\/p>\n<p><em><span style=\"font-weight: 400;\">2:00pm \u2013 3:00pm<\/span> <span style=\"font-weight: 400;\">Visit to John J. Burns Library<\/span><\/em><\/p>\n<p><span style=\"font-weight: 400;\">Burns Library, Catholic Authors\u2019 Room<\/span><\/p>\n<p><b>Viewing of selections from the library\u2019s Jesuitica collection<\/b><\/p>\n<p>&nbsp;<\/p>\n<p><em><span style=\"font-weight: 400;\">3:00pm \u2013 4:30pm<\/span> <span style=\"font-weight: 400;\">Plenary Roundtable<\/span><\/em><\/p>\n<p><span style=\"font-weight: 400;\">Burns Library, Francis Thompson Room<\/span><\/p>\n<p><b>Jesuit Libraries of the Past, Present, and Future<\/b><\/p>\n<p><span style=\"font-weight: 400;\">Chair: Cristiano Casalini, Institute for Advanced Jesuit Studies<\/span><\/p>\n<div class=\"gmail_default\"><span style=\"font-weight: 400;\">\u201c<\/span>Jesuit Libraries in the Old and the New Society of Jesus as a Historiographical Theme<span style=\"font-weight: 400;\">\u201d<\/span><\/div>\n<div>\n<div class=\"m_-1317287597912464392gmail_signature\" dir=\"ltr\" data-smartmail=\"gmail_signature\">\n<div dir=\"ltr\">\n<div>\n<div dir=\"ltr\">\n<div>\n<div dir=\"ltr\">\n<div dir=\"ltr\">\n<ul>\n<li><span class=\"il\">No\u00ebl<\/span>\u00a0Golvers<span class=\"gmail_default\">, KU Leuven<\/span><\/li>\n<\/ul>\n<\/div>\n<\/div>\n<\/div>\n<\/div>\n<\/div>\n<\/div>\n<\/div>\n<\/div>\n<p><span style=\"font-weight: 400;\">\u201cThe Past and Future of the Woodstock College Library\u201d<\/span><\/p>\n<ul>\n<li style=\"font-weight: 400;\"><span style=\"font-weight: 400;\">Leon Hooper, S.J., and Adrian Vaagenes, Woodstock Theological Library<\/span><\/li>\n<\/ul>\n<p><span style=\"font-weight: 400;\">\u201cThe Formation of the Jesuitica Collection at Boston College\u201d<\/span><\/p>\n<ul>\n<li style=\"font-weight: 400;\"><span style=\"font-weight: 400;\">Christian Dupont, Boston College<\/span><\/li>\n<\/ul>\n<p><span style=\"font-weight: 400;\">\u201cArchiving Jesuit Libraries: Past, Present, and Future\u201d<\/span><\/p>\n<ul>\n<li style=\"font-weight: 400;\"><span style=\"font-weight: 400;\">Kyle Roberts, Loyola University Chicago <\/span><\/li>\n<\/ul>\n<p>&nbsp;<\/p>\n<p><em><span style=\"font-weight: 400;\">4:45pm \u2013 6:00pm<\/span> <span style=\"font-weight: 400;\">Reception<\/span><\/em><\/p>\n<p><span style=\"font-weight: 400;\">Burns Library, Fine Print Room and Irish Room<\/span><\/p>\n<p>&nbsp;<\/p>\n<p><i><span style=\"font-weight: 400;\">Evening at leisure<\/span><\/i><\/p>\n<p>&nbsp;<\/p>\n<p><b>Thursday, June 13<\/b><\/p>\n<p><em><span style=\"font-weight: 400;\">8:00am \u2013 8:45am<\/span> <span style=\"font-weight: 400;\">Breakfast<\/span><\/em><\/p>\n<p><span style=\"font-weight: 400;\">Gasson Hall<\/span><span style=\"font-weight: 400;\">, Room<\/span><span style=\"font-weight: 400;\"> 100<\/span><\/p>\n<p>&nbsp;<\/p>\n<p><em><span style=\"font-weight: 400;\">9:00am \u2013 10:30am<\/span> <span style=\"font-weight: 400;\">Paper Session E<\/span><\/em><\/p>\n<p><span style=\"font-weight: 400;\">Gasson Hall, Room 205<\/span><\/p>\n<p><b>Tracking the Cultural Impacts and Legacies of Jesuit Missions<\/b><\/p>\n<p><span style=\"font-weight: 400;\">Chair: Brian Mac Cuarta, S.J., <\/span><span style=\"font-weight: 400;\">Archivum Romanum Societatis Iesu<\/span><\/p>\n<p><span style=\"font-weight: 400;\">\u201cEngaging Late-Ming Literati through Western Moral Philosophy: The Literary Legacy of Alfonso Vagnone, S.J., in the Jiangzhou Community Compact\u201d<\/span><\/p>\n<ul>\n<li style=\"font-weight: 400;\"><span style=\"font-weight: 400;\">Giulia Falato, University of Oxford<\/span><\/li>\n<\/ul>\n<p><span style=\"font-weight: 400;\">\u201cConstituted through Jesuit Archives: Discovering Education and the Multilingual Student in California during the 19th Century\u201d<\/span><\/p>\n<ul>\n<li style=\"font-weight: 400;\"><span style=\"font-weight: 400;\">Maureen Fitzsimmons, University of California, Irvine<\/span><\/li>\n<\/ul>\n<p><span style=\"font-weight: 400;\">\u201cJesuit Institutional Shift in the 1970s, its Impact on Jesuit Sources and Historiography, and the Future of Jesuit Archives in Francophone Africa and Europe\u201d<\/span><\/p>\n<ul>\n<li style=\"font-weight: 400;\"><span style=\"font-weight: 400;\">Barbara Baudry, Archives J\u00e9suites, Province d\u2019Europe Occidentale Francophone; and Jean Luc Enyegue, S.J., Jesuit Historical Institute in Africa<\/span><\/li>\n<\/ul>\n<p>&nbsp;<\/p>\n<p><em><span style=\"font-weight: 400;\">Gasson Hall, Room 210<\/span><\/em><\/p>\n<p><b>Jesuit Sources in 20th-Century Public Debates: Race, Science, and Nationalism <\/b><\/p>\n<p><span style=\"font-weight: 400;\">Chair: Oliver P. Rafferty S.J., Boston College<\/span><\/p>\n<p><span style=\"font-weight: 400;\">\u201cCatholicism, Nationalism, and Race in the Spanish Missional Historiography of Constantino Bayle, S.J. (1882\u20131953)\u201d<\/span><\/p>\n<ul>\n<li style=\"font-weight: 400;\"><span style=\"font-weight: 400;\">Rady Rold\u00e1n-Figueroa, Boston University<\/span><\/li>\n<\/ul>\n<p><span style=\"font-weight: 400;\">\u201cJesuit Science in America (1922\u20131966): <\/span><i><span style=\"font-weight: 400;\">The Bulletin of the American Association of Jesuit Scientists<\/span><\/i><span style=\"font-weight: 400;\">\u201d<\/span><\/p>\n<ul>\n<li style=\"font-weight: 400;\"><span style=\"font-weight: 400;\">Francisco Malta Romeiras, Universidade de Lisboa <\/span><\/li>\n<\/ul>\n<p><span style=\"font-weight: 400;\">\u201cThe Fight for Civil Rights: John LaFarge, S.J., and the <\/span><i><span style=\"font-weight: 400;\">Interracial Review<\/span><\/i><span style=\"font-weight: 400;\">\u201d<\/span><\/p>\n<ul>\n<li style=\"font-weight: 400;\"><span style=\"font-weight: 400;\">Amy Phillips, Woodstock Theological Library<\/span><\/li>\n<\/ul>\n<p>&nbsp;<\/p>\n<p><em><span style=\"font-weight: 400;\">10:45am \u2013 12:15pm<\/span> <span style=\"font-weight: 400;\">Paper Session F<\/span><\/em><\/p>\n<p><span style=\"font-weight: 400;\">Gasson Hall, Room 205<\/span><\/p>\n<p><b>Jesuit Habits of Knowledge in the Early Modern Period<\/b><\/p>\n<p><span style=\"font-weight: 400;\">Chair: Cristiano Casalini, Institute for Advanced Jesuit Studies<\/span><\/p>\n<p><span style=\"font-weight: 400;\">\u201cSpiritual Accounts: Jesuit Record-Keeping and Early Modern Communication\u201d<\/span><\/p>\n<ul>\n<li style=\"font-weight: 400;\"><span style=\"font-weight: 400;\">Paul Nelles, Carleton University<\/span><\/li>\n<\/ul>\n<p><span style=\"font-weight: 400;\">\u201cJesuit Bureaucratic Practices and their Place in the Early Modern History of Knowledge\u201d<\/span><\/p>\n<ul>\n<li style=\"font-weight: 400;\"><span style=\"font-weight: 400;\">Markus Friedrich, Universit\u00e4t Hamburg<\/span><\/li>\n<\/ul>\n<p><span style=\"font-weight: 400;\">\u201cThe Voices of Memoria: <\/span><i><span style=\"font-weight: 400;\">Diaria<\/span><\/i><span style=\"font-weight: 400;\">, <\/span><i><span style=\"font-weight: 400;\">Historiae,<\/span><\/i><span style=\"font-weight: 400;\"> and <\/span><i><span style=\"font-weight: 400;\">Annuaria<\/span><\/i><span style=\"font-weight: 400;\"> as Records of Jesuit Experience\u201d<\/span><\/p>\n<ul>\n<li style=\"font-weight: 400;\"><span style=\"font-weight: 400;\">Paul Shore, University of Regina<\/span><\/li>\n<\/ul>\n<p>&nbsp;<\/p>\n<p><em><span style=\"font-weight: 400;\">Gasson Hall Room 210<\/span><\/em><\/p>\n<p><b>Jesuits\u2019 Textual Communities and Impacts<\/b><\/p>\n<p><span style=\"font-weight: 400;\">Chair: Yannick Van Loon, KU Leuven<\/span><\/p>\n<p><span style=\"font-weight: 400;\">\u201cReading the World through Jesuits in Puritan New England: A Study of Edward Taylor\u2019s Commonplace Book of Le Comte\u201d<\/span><\/p>\n<ul>\n<li style=\"font-weight: 400;\"><span style=\"font-weight: 400;\">Simon Sun, Harvard University<\/span><\/li>\n<\/ul>\n<p><span style=\"font-weight: 400;\">\u201cPublishing and Spiritual Policies through the Linguistic Work in the Jesuit Mission of South America (16th and 17th Centuries)\u201d<\/span><\/p>\n<ul>\n<li style=\"font-weight: 400;\"><span style=\"font-weight: 400;\">Juan Dejo, S.J., Universidad Antonio Ruiz de Montoya<\/span><\/li>\n<\/ul>\n<p><span style=\"font-weight: 400;\">\u201cAn Intercultural Circuit of Books between China and Europe Established by the Jesuits in the 17th and 18th Centuries\u201d<\/span><\/p>\n<ul>\n<li style=\"font-weight: 400;\"><span style=\"font-weight: 400;\">Nicolas Standaert, S.J., KU Leuven<\/span><\/li>\n<\/ul>\n<p>&nbsp;<\/p>\n<p><em><span style=\"font-weight: 400;\">12:30pm <\/span><span style=\"font-weight: 400;\">Lunch<\/span><\/em><\/p>\n<p><span style=\"font-weight: 400;\">Gasson Hall<\/span><span style=\"font-weight: 400;\">, Room<\/span><span style=\"font-weight: 400;\"> 100<\/span><\/p>\n<p>&nbsp;<\/p>\n<p><em><span style=\"font-weight: 400;\">2:00pm \u2013 3:30pm<\/span> <span style=\"font-weight: 400;\">Plenary Session<\/span><\/em><\/p>\n<p><span style=\"font-weight: 400;\">Fulton Hall, Auditorium 511<\/span><\/p>\n<p><b>Archival Collections, Old and New<\/b><\/p>\n<p><span style=\"font-weight: 400;\">Chair: Casey Beaumier, S.J., Institute for Advanced Jesuit Studies<\/span><\/p>\n<p><span style=\"font-weight: 400;\">\u201cExploring the Apostleship of Prayer Collection at ARSI: Between Archival Analysis and Research Perspectives\u201d<\/span><\/p>\n<ul>\n<li style=\"font-weight: 400;\"><span style=\"font-weight: 400;\">Sergio Palagiano, Archivum Romanum Societatis Iesu<\/span><\/li>\n<\/ul>\n<p><span style=\"font-weight: 400;\">\u201cA Building for the Past, A Construct for the Future\u201d<\/span><\/p>\n<ul>\n<li style=\"font-weight: 400;\"><span style=\"font-weight: 400;\">David Miros, Jesuit Archives and Research Center<\/span><\/li>\n<\/ul>\n<p><span style=\"font-weight: 400;\">\u201cGregorian Archives Texts Editing (GATE): A Crowdsourced Web Platform for the Edition of Archival Documents\u201d<\/span><\/p>\n<ul>\n<li style=\"font-weight: 400;\"><span style=\"font-weight: 400;\">Lorenzo Mancini, Archivio Storico, Pontificia Universit\u00e0 Gregoriana<\/span><\/li>\n<\/ul>\n<p><span style=\"font-weight: 400;\">\u201cActivating the Archives of the Society in the Benelux: Between Heritage and Research\u201d<\/span><\/p>\n<ul>\n<li style=\"font-weight: 400;\"><span style=\"font-weight: 400;\">Kim Christiaens, KADOC-KU Leuven<\/span><\/li>\n<\/ul>\n<p>&nbsp;<\/p>\n<p><em><span style=\"font-weight: 400;\">3:30pm \u2013 4:15pm<\/span> <span style=\"font-weight: 400;\">Coffee and tea<\/span><\/em><\/p>\n<p><span style=\"font-weight: 400;\">Fulton Hall, Auditorium 511<\/span><\/p>\n<p>&nbsp;<\/p>\n<p><em><span style=\"font-weight: 400;\">4:15pm \u2013 5:45pm<\/span> <span style=\"font-weight: 400;\">Plenary Session<\/span><\/em><\/p>\n<p><span style=\"font-weight: 400;\">Fulton Hall, Auditorium 511<\/span><\/p>\n<p><b>Archival Sources, Old and New<\/b><\/p>\n<p><span style=\"font-weight: 400;\">Chair: Casey Beaumier, S.J., Institute for Advanced Jesuit Studies<\/span><\/p>\n<p><span style=\"font-weight: 400;\">\u201cFrom Tintype to Twitter: Photography at the Irish Jesuit Archives\u201d<\/span><\/p>\n<ul>\n<li style=\"font-weight: 400;\"><span style=\"font-weight: 400;\">Damien Burke, Irish Archives of the Society of Jesus<\/span><\/li>\n<\/ul>\n<p><span style=\"font-weight: 400;\">\u201cNew Resources for Research at the Archivum Romanum Societatis Iesu, 2013\u20132019\u201d<\/span><\/p>\n<ul>\n<li style=\"font-weight: 400;\"><span style=\"font-weight: 400;\">Brian Mac Cuarta, S.J., Archivum Romanum Societatis Iesu<\/span><\/li>\n<\/ul>\n<p><span style=\"font-weight: 400;\">\u201cThe Census Project. Jesuit Documents Kept in Italian National Archives, Libraries and Other Cultural Institutions\u201d<\/span><\/p>\n<ul>\n<li style=\"font-weight: 400;\"><span style=\"font-weight: 400;\">Maria Macchi, Archivo Storico, Provincia Euro-Mediterranea della Compagnia di Ges\u00f9<\/span><\/li>\n<\/ul>\n<p>&nbsp;<\/p>\n<p><em><span style=\"font-weight: 400;\">6:00pm <\/span><span style=\"font-weight: 400;\">Reception<\/span><\/em><\/p>\n<p><span style=\"font-weight: 400;\">Gasson Hall, Room 100<\/span><\/p>\n<p>&nbsp;<\/p>\n<p><em><span style=\"font-weight: 400;\">7:15pm <\/span><span style=\"font-weight: 400;\">Dinner\/Farewell<\/span><\/em><\/p>\n<p><span style=\"font-weight: 400;\">Gasson Hall, Room 100<\/span><\/p>\n<p><b>2019 &amp; 2020 International Symposia<\/b><\/p>\n<ul>\n<li>Casey C. Beaumier, S.J., Institute for Advanced Jesuit Studies<\/li>\n<li>Francisco Sassetti da Mota, S.J.,\u00a0<em>Brot\u00e9ria<\/em><\/li>\n<\/ul>\n<p>&nbsp;<\/p>\n<p><b>Friday, June 14<\/b><\/p>\n<p><em><span style=\"font-weight: 400;\">Morning<\/span> <span style=\"font-weight: 400;\">Checkout\/Depart<\/span><\/em><\/p>\n","protected":false},"excerpt":{"rendered":"<p>The Institute for Advanced Jesuit Studies is pleased to announce the program for its 2019 International Symposium on Jesuit Studies. This event will be the institute&#8217;s fifth annual gathering of scholars from around the globe. It will be hosted at Boston College. The event has previously taken place in Boston, Nairobi, and Seville. &nbsp; This [&hellip;]<\/p>\n","protected":false},"author":127185,"featured_media":4847,"parent":888,"menu_order":0,"comment_status":"closed","ping_status":"closed","template":"page-standard.php","meta":{"footnotes":""},"class_list":["post-5183","page","type-page","status-publish","has-post-thumbnail","hentry"],"_links":{"self":[{"href":"https:\/\/sites.bc.edu\/jesuitportal-recovery\/index.php?rest_route=\/wp\/v2\/pages\/5183","targetHints":{"allow":["GET"]}}],"collection":[{"href":"https:\/\/sites.bc.edu\/jesuitportal-recovery\/index.php?rest_route=\/wp\/v2\/pages"}],"about":[{"href":"https:\/\/sites.bc.edu\/jesuitportal-recovery\/index.php?rest_route=\/wp\/v2\/types\/page"}],"author":[{"embeddable":true,"href":"https:\/\/sites.bc.edu\/jesuitportal-recovery\/index.php?rest_route=\/wp\/v2\/users\/127185"}],"replies":[{"embeddable":true,"href":"https:\/\/sites.bc.edu\/jesuitportal-recovery\/index.php?rest_route=%2Fwp%2Fv2%2Fcomments&post=5183"}],"version-history":[{"count":22,"href":"https:\/\/sites.bc.edu\/jesuitportal-recovery\/index.php?rest_route=\/wp\/v2\/pages\/5183\/revisions"}],"predecessor-version":[{"id":5911,"href":"https:\/\/sites.bc.edu\/jesuitportal-recovery\/index.php?rest_route=\/wp\/v2\/pages\/5183\/revisions\/5911"}],"up":[{"embeddable":true,"href":"https:\/\/sites.bc.edu\/jesuitportal-recovery\/index.php?rest_route=\/wp\/v2\/pages\/888"}],"wp:featuredmedia":[{"embeddable":true,"href":"https:\/\/sites.bc.edu\/jesuitportal-recovery\/index.php?rest_route=\/wp\/v2\/media\/4847"}],"wp:attachment":[{"href":"https:\/\/sites.bc.edu\/jesuitportal-recovery\/index.php?rest_route=%2Fwp%2Fv2%2Fmedia&parent=5183"}],"curies":[{"name":"wp","href":"https:\/\/api.w.org\/{rel}","templated":true}]}}